{"id":21820,"date":"2023-03-11T15:28:55","date_gmt":"2023-03-11T14:28:55","guid":{"rendered":"https:\/\/alain-marie.fr\/?page_id=21820"},"modified":"2023-10-25T10:19:28","modified_gmt":"2023-10-25T09:19:28","slug":"cv-artistique","status":"publish","type":"page","link":"https:\/\/alain-marie.fr\/?page_id=21820","title":{"rendered":"CV  Artistique"},"content":{"rendered":"\n<p>2023 Saint Aignan de Grand Lieu, Exposition<strong> <\/strong> \u2013 du 28 octobre au 19 novembre inclus<\/p>\n\n\n\n<p>2023 PARIS, Exposition<strong> FORETS<\/strong> avec le CNFAP &#8211; Mairie du 8<sup>\u00e8me<\/sup> \u2013 du 14 au 25 mars inclus<\/p>\n\n\n\n<p>2022 BORDEAUX-LAC, Exposition <strong>FOCALES<\/strong> avec Louis-Roger &#8211; H\u00f4tel PULLMAN- oct\/dec<\/p>\n\n\n\n<p>2022 PARIS, Orangerie du S\u00e9nat \u2013 Salon de la Soci\u00e9t\u00e9 Nationale des Beaux Arts 29 sept\/4 octobre<\/p>\n\n\n\n<p>2022 Exposition de Printemps \u00e0 <strong>LA CALE<\/strong>, Quai des Antilles \u00e0 NANTES avec les Amis de l\u2019Art<\/p>\n\n\n\n<p><\/p>\n\n\n\n<hr class=\"wp-block-separator has-alpha-channel-opacity\"\/>\n\n\n\n<p>2021 <strong>PARIS salon d\u2019automne<\/strong> \u2013 champs Elys\u00e9es<\/p>\n\n\n\n<p>2021 Sculpt\u2019enSologne \u2013 <strong>Exposition de sculptures monumentales<\/strong> \u2013 Parc du Ch\u00e2teau de Beauharnais \u00e0 Chaumont s\/Tharonne (41)<\/p>\n\n\n\n<p><\/p>\n\n\n\n<hr class=\"wp-block-separator has-alpha-channel-opacity\"\/>\n\n\n\n<p>2021 <strong>Maison de la Culture du Japon \u00e0 PARIS<\/strong>. Salon National des Beaux Arts <strong>SNBA 2020<\/strong><\/p>\n\n\n\n<p><strong>2020 Fontevraud l\u2019Abbaye \u2013 <\/strong>Exposition collective en l\u2019Abbaye Royale les 29-30 ao\u00fbt, organis\u00e9e par OsmosOns pour <strong>Arts-Sciences-Lettres<\/strong>, Soci\u00e9t\u00e9 Acad\u00e9mique d\u2019Education et d\u2019Encouragement<\/p>\n\n\n\n<p><\/p>\n\n\n\n<hr class=\"wp-block-separator has-alpha-channel-opacity\"\/>\n\n\n\n<p>2019 <strong>PARIS<\/strong> &#8211; <strong>Salon d\u2019Automne<\/strong>, du 10 au 13 octobre &#8211; <strong>Avenue des Champs-Elys\u00e9es<\/strong><\/p>\n\n\n\n<p>2019 SAMOIS-SUR-SEINE, <strong>salon ART CONTRAST<\/strong> 13-28 octobre avec le collectif INDIGENE<\/p>\n\n\n\n<p>2019 <strong>Les Sables d\u2019Olonne<\/strong> (Vend\u00e9e) \u2013 \u00ab&nbsp;PARCOURS POETIQUE&nbsp;\u00bb &nbsp;au <strong>Prieur\u00e9 Saint Nicolas<\/strong> du 19 juillet au 3 ao\u00fbt, avec Daniel Lemaire photographies et Tiflo peintures<\/p>\n\n\n\n<p>2019 <strong>LYON Biennale de sculpture<\/strong> &#8211; 70 ans du Syndicat National des Sculpteurs et Plasticiens &#8211; SNSP 12 au 14 mai &#8211; Palais Bondy, 18 quai Bondy 69005 Lyon<\/p>\n\n\n\n<p>2019 Exposition de Mai \u00e0 <strong>LA CALE<\/strong>, Quai des Antilles \u00e0 <strong>NANTES<\/strong> avec les Amis de l\u2019Art<\/p>\n\n\n\n<p>2019 JEMA Journ\u00e9es Europ\u00e9ennes des M\u00e9tiers d\u2019Art \u2013 5,6,7 avril &#8211; Mus\u00e9e de l\u2019Union Compagnonnique, Manoir de la Haulti\u00e8re \u00e0 <strong>NANTES<\/strong><\/p>\n\n\n\n<p>2019 <strong>PARIS NORD<\/strong> Parc des expositions de Villepinte &#8211;&nbsp; Espace Craft\/m\u00e9tiers d\u2019art<\/p>\n\n\n\n<p><strong>Salon international Maison&amp;Objet <\/strong>du 18 au 22 janvier.<\/p>\n\n\n\n<hr class=\"wp-block-separator has-alpha-channel-opacity\"\/>\n\n\n\n<p>2018 PARIS&nbsp; <strong>Carrousel du Louvre<\/strong>, 13-16 d\u00e9cembre <strong>Salon National des Beaux-Arts<\/strong><\/p>\n\n\n\n<p>2018 Salon de la Cr\u00e9ation et des M\u00e9tiers d\u2019Art, 7-9 d\u00e9c. <strong>Cit\u00e9 des Congr\u00e8s de Nantes<\/strong><\/p>\n\n\n\n<p>2018 <strong>Invit\u00e9 d\u2019honneur<\/strong> 26<sup>\u00e8me<\/sup> <strong>salon d\u2019art de SAINT-AIGNAN DE GRAND LIEU<\/strong> \u2013 (Loire Atlantique)<\/p>\n\n\n\n<p>2018 SAMOIS-SUR-SEINE, <strong>salon ART CONTRAST<\/strong> 13-28 octobre avec le collectif INDIGENE<\/p>\n\n\n\n<p>2018 Sentier des Arts, juillet-Ao\u00fbt au <strong>Domaine de Pri\u00e8res<\/strong> \u00e0 BILLIERS (Sud Bretagne)<\/p>\n\n\n\n<p>2018 Manoir de <strong>BEL EBAT<\/strong>, demeure inspir\u00e9e (Avon 77210), Exposition avec le collectif INDIGENE<\/p>\n\n\n\n<p>2018 Exposition de Mai \u00e0 <strong>LA CALE<\/strong>, Quai des Antilles \u00e0 NANTES avec les Amis de l\u2019Art<\/p>\n\n\n\n<p>2018 Summer Exhibition \u00ab&nbsp;The Unattended Moment&nbsp;\u00bb, May-july, The Garden Gallery (UK)<\/p>\n\n\n\n<hr class=\"wp-block-separator has-alpha-channel-opacity\"\/>\n\n\n\n<p>2017 SAMOIS-SUR-SEINE, <strong>salon ART CONTRAST<\/strong> 15-29 octobre avec le collectif INDIGENE<\/p>\n\n\n\n<p>2017 <strong>PARIS Salon d\u2019Automne<\/strong> 12-15 octobre &#8211; Champs Elys\u00e9es<\/p>\n\n\n\n<p>2017 <strong>Logis de CHALIGNY<\/strong>, Sainte Pexine (Vend\u00e9e)&nbsp;: \u00ab&nbsp;Rencontres du Patrimoine et de la Cr\u00e9ation&nbsp;\u00bb, exposition sur le <strong>th\u00e8me des fables de La Fontaine<\/strong>, pr\u00e9sid\u00e9es par l\u2019\u00e9crivain acad\u00e9micien <strong>Erik ORSENNA<\/strong>, les 23-24 septembre<\/p>\n\n\n\n<p>2017 <strong>LE CELLIER<\/strong> (Loire- Atlantique) <strong>Manoir du P\u00e9 Bernard<\/strong>&nbsp;: exposition collective dans le cadre des \u00ab&nbsp;Rencontres du Patrimoine&nbsp;\u00bb du 16 au 24 juillet<\/p>\n\n\n\n<p>2017 <strong>MAREUIL-SUR-LAY<\/strong> (Vend\u00e9e), exposition dans la <strong>chapelle de DISSAIS<\/strong>,&nbsp; juillet \u00e0 septembre<\/p>\n\n\n\n<p>2017 <strong>TRELAZE<\/strong> (Maine et Loire)&nbsp;&#8211; Espace d\u2019art contemporain des Anciennes \u00e9curies de Tr\u00e9laz\u00e9 :<\/p>\n\n\n\n<p><strong>100 sculpteurs exposent pour la Biennale du SNSP<\/strong>, du 18 au 29 mai<\/p>\n\n\n\n<p>2017 PARIS &#8211; <strong>La D\u00e9fense &#8211; Maison d\u2019\u00e9glise Notre-Dame de Pentec\u00f4te<\/strong>\/Esplanade de la D\u00e9fense, du 3 mai au 16 juin&nbsp;: Cinquantenaire du Dioc\u00e8se de Nanterre<\/p>\n\n\n\n<p>2017 <strong>NANTES, quai des Antilles<\/strong>&nbsp;: exposition collective avec Les Amis de l\u2019ART \u00ab&nbsp;des racines et des arts&nbsp;\u00bb du 1<sup>er <\/sup>&nbsp;mai au 6 mai \u00e0 LA CALE2 L\u2019ILE<\/p>\n\n\n\n<hr class=\"wp-block-separator has-alpha-channel-opacity\"\/>\n\n\n\n<p>2016 SAMOIS SUR SEINE Premier Salon ART CONTRAST 15-30 octobre<\/p>\n\n\n\n<p>2016 THOMERY <strong>Journ\u00e9es Europ\u00e9ennes du patrimoine<\/strong>, exposition publique 17-18 septembre<\/p>\n\n\n\n<p>2016 Exposition \u00ab&nbsp;RETROSPECTIVE&nbsp;\u00bb <strong>Dix ans d\u2019art contemporain au Manoir de Couesme<\/strong> 72610 ANCINNES, 2-25 septembre<\/p>\n\n\n\n<p>2016 PARIS NORD Parc des expositions de Villepinte &#8211;&nbsp; Espace Craft\/m\u00e9tiers d\u2019art<\/p>\n\n\n\n<p><strong>Salon international Maison&amp;Objet <\/strong>du 2 au 6 septembre.<\/p>\n\n\n\n<p>2016 PARIS Salles Royales de l\u2019\u00e9glise de La Madeleine, 102<sup>\u00e8me<\/sup> Salon de l\u2019Ecole Fran\u00e7aise, 12-22 mai<\/p>\n\n\n\n<p><\/p>\n\n\n\n<hr class=\"wp-block-separator has-alpha-channel-opacity\"\/>\n\n\n\n<p>2015 PARIS Exposition publique (123 sculpteurs) dans le cadre de la Journ\u00e9e Internationale de la Sculpture <strong>Cit\u00e9 Internationale des Arts<\/strong>, 28 avril&nbsp;&#8211; 5 mai.<\/p>\n\n\n\n<p>2015 <strong>ANDRESY<\/strong> en Yvelynes, 18<sup>\u00e8me<\/sup> \u00e9dition de \u00ab&nbsp;<strong>SCULPTURES EN L\u2019ILE<\/strong>&nbsp;\u00bb sur l\u2019Ile Nancy, Boulevard No\u00ebl Marc 78570 Andr\u00e9sy, du 22 mai au 27 septembre.<\/p>\n\n\n\n<p>2015 HERICY Exposition priv\u00e9e \u2013 Jardins du Vieux Logis, avec les peintres Marjolaine de la Chapelle et R\u00e9gis de la Fert\u00e9, 13 &amp; 14 juin.<\/p>\n\n\n\n<p>2015 PARIS NORD Parc des expositions de Villepinte &#8211;&nbsp; Espace Craft\/m\u00e9tiers d\u2019art<\/p>\n\n\n\n<p><strong>Salon international Maison&amp;Objet <\/strong>du 4 au 8 septembre.<\/p>\n\n\n\n<p>2015 PARIS &#8211; <strong>Salon d\u2019Automne<\/strong>, du 15 au 18 octobre.<\/p>\n\n\n\n<p>2015 FONTAINEBLEAU exposition collective dans le cadre de <strong>Jazz au Th\u00e9\u00e2tre <\/strong>(novembre).<\/p>\n\n\n\n<p>2015 NANTES Expo Loft Bayard \u2013 Les Amis de l\u2019Art du 5 au 13 d\u00e9cembre.<\/p>\n\n\n\n<p>2015 PARIS&nbsp; <strong>Carrousel du Louvre<\/strong>, du 17 au 20 d\u00e9cembre <strong>Salon SNBA.<\/strong><\/p>\n\n\n\n<hr class=\"wp-block-separator has-alpha-channel-opacity\"\/>\n\n\n\n<p>2014 <strong>LONDRES<\/strong> &#8211; Exposition des Artistes Fran\u00e7ais, 5th Base Gallery, 23 Heneage Street<\/p>\n\n\n\n<p>London E15LJ&nbsp;&#8211; Private view on Thursday january 16th from 6:00 pm to 9&nbsp;:00 pm<\/p>\n\n\n\n<p>2014 &#8211; <strong>Th\u00e9\u00e2tre du V\u00e9sinet<\/strong>&nbsp;: 49\u00e8me Salon du V\u00e9sinet 78110, du 1<sup>er<\/sup> au 16 mars 2014.<\/p>\n\n\n\n<p>2014 <strong>ANDRESY<\/strong> en Yvelynes, 17<sup>\u00e8me<\/sup> \u00e9dition de \u00ab&nbsp;<strong>SCULPTURES EN L\u2019ILE<\/strong>&nbsp;\u00bb sur l\u2019Ile Nancy, Boulevard No\u00ebl Marc 78570 Andr\u00e9sy, du 16 mai au 21 septembre 2014.<\/p>\n\n\n\n<p>2014 HERICY <strong>Portes ouvertes \u00e0 l\u2019atelier<\/strong>. Peintre invit\u00e9&nbsp;: Beno\u00eet Meylender<\/p>\n\n\n\n<p>&nbsp;Samedi 24, &amp; dimanche 25 mai &#8211; 14 Place de Gaulle \u00e0 77850 H\u00e9ricy.<\/p>\n\n\n\n<p>2014 <strong>NANTES<\/strong>&nbsp;: Exposition avec les Amis de l\u2019Art -juin 2014 &#8211; Quais de la Loire<\/p>\n\n\n\n<p>2014 MONTJEAN Sur LOIRE, exposition collective \u00e0 La Forge &#8211; juillet &amp; ao\u00fbt 2014<\/p>\n\n\n\n<p>2014 <strong>AUTUN<\/strong> \u00ab&nbsp;C\u0153ur de Bourgogne&nbsp;\u00bb Invit\u00e9 d\u2019honneur <strong>Sculptures dans la Ville<\/strong><\/p>\n\n\n\n<p>Juillet, Ao\u00fbt, 15 octobre 2014 \u2013 www.autun.com&nbsp;<\/p>\n\n\n\n<p>2014 PARIS NORD Parc des expositions de Villepinte &#8211;&nbsp; Espace Craft\/m\u00e9tiers d\u2019art<\/p>\n\n\n\n<p><strong>Salon international Maison&amp;Objet<\/strong>&nbsp; du 5 au 9 septembre 2014<\/p>\n\n\n\n<p>2014 PARIS&nbsp; <strong>Carrousel du Louvre<\/strong>, du 10 au 14 d\u00e9cembre Salon SNBA<\/p>\n\n\n\n<p><strong>M\u00e9daille d\u2019Argent du Salon National des Beaux-Arts et M\u00e9daille d\u2019Argent du jury invit\u00e9<\/strong><\/p>\n\n\n\n<hr class=\"wp-block-separator has-alpha-channel-opacity\"\/>\n\n\n\n<p>2013 PARIS-LA DEFENSE <strong>\u00ab&nbsp;Passeurs de confiance&nbsp;\u00bb<\/strong>, exposition conjointe avec le peintre Malel &#8211; Maison d\u2019Eglise Notre-Dame de Pentec\u00f4te (27 f\u00e9vrier-15 avril)<\/p>\n\n\n\n<p>2013 ANDRESY, exposition collective sur le <strong>site du Parc naturel de l\u2019Ile Nancy<\/strong>&nbsp;: SCULPTURES EN L\u2019ILE du 17 mai au 22 septembre<\/p>\n\n\n\n<p>2013 CROISSY sur SEINE, <strong>100\u00e9me Salon de l\u2019Ecole Fran\u00e7aise<\/strong>, Ch\u00e2teau Chanorier du 18 au 26 mai<\/p>\n\n\n\n<p>2013 <strong>Galerie Detais <\/strong>(Paris 9<sup>\u00e8me<\/sup>),exposition temporaire de Printemps&nbsp;: sculptures en plein air<\/p>\n\n\n\n<p>2013 MONTAUBAN, Festival de sculptures GRAND SUD, du 4 au 26 juin 2013&nbsp;: 80 sculpteurs<\/p>\n\n\n\n<p>et plasticiens venus de la grande r\u00e9gion Sud, accompagn\u00e9s d\u2019un collectif de sculpteurs de la r\u00e9gion des Pays de la Loire, dans le cadre des \u00e9changes avec <strong>l\u2019Espace Bourdelle Sculpture<\/strong>.<\/p>\n\n\n\n<p>2013 SAMOIS sur SEINE, Exposition avec un collectif de 10 artistes \u00ab&nbsp;INDIGENES&nbsp;\u00bb, foyer <strong>Django Reinhardt<\/strong> du 27 au 30 juin<\/p>\n\n\n\n<p>2013 AIGUINES (Var) Premier s\u00e9minaire de collaboration entre m\u00e9tiers d\u2019art organis\u00e9 en France : l\u2019Art et la Mati\u00e8re du 17 au 22 juin (AFTAB)<\/p>\n\n\n\n<p>2013 PAYS-BAS&nbsp;: Exposition d\u2019\u00e9t\u00e9 \u00e0 la <strong>Galerie <\/strong><strong>LAIMB\u00d6CK<\/strong>, du 29 juin au 1<sup>er<\/sup> septembre 2013. Vernissage samedi 29 juin \u00e0 16h en pr\u00e9sence de Guus Broos, Pr\u00e9sident de la NGA (Dutch Gallery Association) et sous le patronage de l\u2019ambassadeur de France aux Pays-Bas.<\/p>\n\n\n\n<p>2013 PAYS-BAS&nbsp;: Exposition permanente \u00e0 la <strong>Galerie <\/strong><strong>VAN LOON<\/strong> \u00e0 Vught (Brabant septentrional)<\/p>\n\n\n\n<p>2013 PARIS NORD Parc des expositions de Villepinte &#8211;&nbsp; Espace Craft\/m\u00e9tiers d\u2019art Hall 5, stand J25&nbsp;&nbsp;&nbsp;&nbsp;&nbsp;&nbsp;&nbsp;&nbsp;&nbsp; <strong>Salon international Maison&amp;Objet<\/strong>&nbsp; du 6 au 10 septembre 2013<\/p>\n\n\n\n<p>2013 PARIS &#8211; <strong>Salon d\u2019Automne<\/strong>, du 31 octobre au 4 novembre sur les <strong>Champs Elys\u00e9es<\/strong><\/p>\n\n\n\n<p>2013 PARIS &#8211; Galerie Beaut\u00e9 du Matin Calme \u2013 Village Suisse<\/p>\n\n\n\n<hr class=\"wp-block-separator has-alpha-channel-opacity\"\/>\n\n\n\n<p><\/p>\n\n\n\n<p><\/p>\n\n\n\n<p>2012 PARIS <strong>\u00ab&nbsp;l\u2019art actuel et le Sacr\u00e9&nbsp;\u00bb<\/strong>&nbsp;: Six cr\u00e9ateurs peintres, lissiers, sculpteurs aux Salles Royale de l\u2019\u00e9glise de La Madeleine (4-15 avril).<\/p>\n\n\n\n<p>2012 EXPO NANTES ATLANTIQUE, Parc de la Beaujoire \u2013 \u00ab&nbsp;Les Arts en Libert\u00e9&nbsp;\u00bb (6-12 avril)<\/p>\n\n\n\n<p>2012 ANDRESY, exposition \u00ab&nbsp;Balade en Yvelines&nbsp;\u00bb sur l\u2019Ile Nancy (11 mai &#8211; 26 septembre).<\/p>\n\n\n\n<p>2012 FONTAINEBLEAU expo priv\u00e9e dans un jardin de ville (23 &amp; 24 juin)<\/p>\n\n\n\n<p>2012 AUBEPIERRE s\/Aube, <strong>Centre d\u2019Art de la Maison Laurentine<\/strong> (juillet-Ao\u00fbt)<\/p>\n\n\n\n<p>2012 PARIS-NORD Villepinte &#8211; Espace Craft \/Salon international Maison&amp;Objet (4-11 septembre)<\/p>\n\n\n\n<p><\/p>\n\n\n\n<p>2011 PARIS-NORD Villepinte \u2013 Espace Craft \/Salon international Maison&amp;Objet \u2013 S\u00e9lection du Forum des tendances de l&rsquo;ARTYTUBE par Nelly Rody, cr\u00e9ations sur le <strong>th\u00e8me \u00ab\u00a0Mutations Intenses\u00a0\u00bb<\/strong><\/p>\n\n\n\n<p>2011 Notre Dame de Monts (Vend\u00e9e), Concours de girouettes au JARDIN DU VENT, \u00ab\u00a0un parcours esth\u00e9tique, culturel, scientifique et environnemental\u00a0\u00bb<\/p>\n\n\n\n<p>2011 EXPO NANTES ATLANTIQUE, Parc de la Baujoire &#8211; \u00ab&nbsp;Les Arts en Libert\u00e9&nbsp;\u00bb<\/p>\n\n\n\n<p>2011 NADINE GALLERY, 12 rue d&rsquo;Alger PARIS 1<sup>er<\/sup> &#8211; \u00ab\u00a0LUMIERE ET TRANSPARENCE\u00a0\u00bb:<\/p>\n\n\n\n<p>2011 ARBORESCENCECONCEPT,&nbsp; galerie \u00e0 Aubervilliers (93300) &#8211; Expositions \u00e9v\u00e9nementielles<\/p>\n\n\n\n<p>2011 HERICY <strong>Exposition personnelle de 60 sculptures<\/strong>, Jardin de l\u2019ancienne demeure du peintre Orientaliste Etienne Dinet (1861-1929)<\/p>\n\n\n\n<p><\/p>\n\n\n\n<p>2011 PARIS-NORD Villepinte \u2013 Espace Craft \/Salon international Maison&amp;Objet, 9-13 septembre<\/p>\n\n\n\n<p>2011 PARIS, Salles Royales de l\u2019\u00e9glise de la Madeleine \u2013 98\u00e8meSalon de l\u2019Ecole Fran\u00e7aise<\/p>\n\n\n\n<p>2010 PARIS salon TOUT EN METAL, objets d\u2019art et cr\u00e9ations contemporaines &#8211; La Belleviloise<\/p>\n\n\n\n<p>2010 MONTAUBAN, Maison de la Culture- exposition transr\u00e9gionale &#8211; \u00ab&nbsp;L\u2019\u00e9loge du fragment&nbsp;\u00bb<\/p>\n\n\n\n<p>2010 PARIS, Salles Royales de l\u2019\u00e9glise de la Madeleine &#8211; salon de l\u2019Ecole Fran\u00e7aise<\/p>\n\n\n\n<p>2010 PARIS,&nbsp; <strong>Bastille Design Center<\/strong> &#8211; <strong>60<sup>\u00e8me<\/sup> anniversaire du SNSP<\/strong><\/p>\n\n\n\n<p>2010 PARIS-NORD Villepinte \u2013 Espace Craft \/Salon international Maison&amp;Objet<\/p>\n\n\n\n<hr class=\"wp-block-separator has-alpha-channel-opacity\"\/>\n\n\n\n<p>2009 Bois-le-Roi (Seine et Marne) &#8211; Salon d\u2019arts plastiques ART 2009- Espace Marcel-Rozier<\/p>\n\n\n\n<p>2009 Le VESINET (Yvelines) &#8211; 96<sup>\u00e8me<\/sup> Salon de l\u2019Ecole Fran\u00e7aise, Th\u00e9\u00e2tre Alain Jonemann<\/p>\n\n\n\n<p>2009 PARIS \u2013 <strong>Eglise de LA MADELEINE \u2013 <\/strong>&nbsp;Premi\u00e8re Biennale LES STELES DE LA CREATION,&nbsp; en&nbsp;&nbsp; partenariat avec Le Sens de l\u2019Art (Juin-Juillet-Ao\u00fbt)<\/p>\n\n\n\n<p>2009 MONTJEAN Sur LOIRE, \u00e9v\u00e9nement artistique collectif <strong>\u00ab&nbsp;Imagin\u2019Eaux&nbsp;\u00bb <\/strong>en bordure de fleuve entre Angers et Nantes (du 4 juillet au 31 Ao\u00fbt)<\/p>\n\n\n\n<p>2009 <strong>PARIS &#8211; Carrousel du Louvre<\/strong> &#8211; <strong>Salon International du Patrimoine<\/strong>. Pr\u00e9sentation de DANTE EUROPEO dans le cadre du th\u00e8me \u00ab&nbsp;Le Patrimoine des religions&nbsp;\u00bb.<\/p>\n\n\n\n<p><\/p>\n\n\n\n<p><\/p>\n\n\n\n<p>2008 Salon de l\u2019Ecole Fran\u00e7aise \u00e0 Croissy-sur-Seine<\/p>\n\n\n\n<p>&nbsp;&nbsp;&nbsp;&nbsp;&nbsp;&nbsp;&nbsp;&nbsp;&nbsp;&nbsp;&nbsp;&nbsp;&nbsp;&nbsp;&nbsp; 2008 PARIS exposition Journ\u00e9es d\u2019amiti\u00e9 des missionnaires du Saint-Esprit<\/p>\n\n\n\n<p>2008 MOSCOU <strong>\u00ab&nbsp;Les M\u00e9tiers d\u2019Art&nbsp; Fran\u00e7ais, de Paris \u00e0 Moscou&nbsp;\u00bb<\/strong> Exposition au Mus\u00e9e des Arts D\u00e9coratifs&nbsp; et populaires de Russie du 1<sup>er<\/sup> au 6 juillet (3, ul. D\u00e9l\u00e9gatskaya &#8211; Moscou)<\/p>\n\n\n\n<p>2008 ANCINNES (Sarthe) \u2013 Epouvantails Epreuves d\u2019artistes-37 artistes\/50 \u0153uvres- sous le patronage de <strong>Jean-Pierre Coffe<\/strong> au&nbsp; Manoir de COUESME (6 septembre\/28 septembre)<\/p>\n\n\n\n<p>2008 Ch\u00e2teau de la Groirie (Sarthe) \u00ab&nbsp;<strong>Artistes \u00e0 l\u2019Orangerie<\/strong>&nbsp;\u00bb avec le peintre LOUIS-ROGER<\/p>\n\n\n\n<p>2008 PARIS Salles Royales de l\u2019\u00e9glise de La Madeleine (Ecole Fran\u00e7aise 26 septembre \/ 6 octobre)<\/p>\n\n\n\n<p>2008, Le Plessis Tr\u00e9vise (Val de Marne)-Ch\u00e2teau des Tourelles (3 octobre\/ 3 novembre)<\/p>\n\n\n\n<p>2008 ANGERS <strong>8<sup>\u00e8me<\/sup> <\/strong><strong>Festival d\u2019art sacr\u00e9 en Anjou<\/strong> \u2013 Centre Saint Maurice (13 octobre\/ 9 novembre)<\/p>\n\n\n\n<p><\/p>\n\n\n\n<p><\/p>\n\n\n\n<p>2007 PARIS exposition \u00ab&nbsp;<strong>La Force de l\u2019Esp\u00e9rance<\/strong>&nbsp;\u00bb Journ\u00e9es d\u2019amiti\u00e9 des missionnaires du Saint-Esprit<\/p>\n\n\n\n<p>2007 NANTES &#8211; Foire internationale &#8211; Palais de la Beaujoire &nbsp;&nbsp;&nbsp;&nbsp;&nbsp;&nbsp;&nbsp;&nbsp;&nbsp;&nbsp;&nbsp;&nbsp;&nbsp;<\/p>\n\n\n\n<p>2007 <strong>Invit\u00e9 d\u2019honneur<\/strong> &#8211; Salon de l\u2019Ecole Fran\u00e7aise \u00e0 Croissy-sur-Seine et \u00e0 l\u2019Eglise de la Madeleine<\/p>\n\n\n\n<p>2007 LE POULIGUEN \u2013 Exposition collective d\u2019\u00e9t\u00e9 Art\u2019Nau&nbsp; \u00ab&nbsp;Grand formats sur la plage du Nau&nbsp;\u00bb<\/p>\n\n\n\n<p>2007 ANCINNES (Sarthe) &#8211; Exposition personnelle au <strong>Manoir de COUESME<\/strong> autour des Journ\u00e9es&nbsp;&nbsp;&nbsp;&nbsp; Europ\u00e9ennes du Patrimoine<\/p>\n\n\n\n<p>2007 CHANTONNAY (Vend\u00e9e) &#8211; Salon&nbsp;\u00ab&nbsp;<strong>25 ARTISTES pour l\u2019ESPOIR<\/strong>&nbsp;\u00bb \/Ligue contre le cancer<\/p>\n\n\n\n<p>2007 NANTES &#8211; Biennale Nantes-Bretagne \u00ab&nbsp;les Amis de l\u2019art&nbsp;\u00bb Palais de la Beaujoire<\/p>\n\n\n\n<p><\/p>\n\n\n\n<p><\/p>\n\n\n\n<p>2006 NANTES Maison de l\u2019Erdre, Ile de Versailles \u2013 Exposition de groupe avec Sculpteurs Bretagne<\/p>\n\n\n\n<p>&nbsp;&nbsp;&nbsp;&nbsp;&nbsp;&nbsp;&nbsp;&nbsp;&nbsp;&nbsp;&nbsp; 2006 LANDIVISIAU (Finist\u00e8re) 18<sup>\u00e8me<\/sup> salon de sculptures &#8211; Exposition de groupe avec Sculpteurs Bretagne<\/p>\n\n\n\n<p>&nbsp;&nbsp;&nbsp;&nbsp;&nbsp;&nbsp;&nbsp;&nbsp;&nbsp;&nbsp;&nbsp; 2006 Salon de l\u2019Ecole Fran\u00e7aise &#8211; Chapelle St L\u00e9onard et ch\u00e2teau de CROISSY-SUR-SEINE<\/p>\n\n\n\n<p>&nbsp;&nbsp;&nbsp;&nbsp;&nbsp;&nbsp;&nbsp;&nbsp;&nbsp;&nbsp;&nbsp; <strong><em>ARTS\u00c9NAT 2006<\/em> Exposition \u00ab&nbsp;TAILLE HUMAINE&nbsp;\u00bb au Jardin du Luxembourg <\/strong><strong><\/strong><\/p>\n\n\n\n<p>&nbsp;&nbsp;&nbsp;&nbsp;&nbsp;&nbsp;&nbsp;&nbsp;&nbsp;&nbsp;&nbsp; 2006 MONTAUBAN Exposition \u00ab&nbsp;Le visage est un paysage&nbsp;\u00bb Espace Bourdelle Sculpture<\/p>\n\n\n\n<p>&nbsp;&nbsp;&nbsp;&nbsp;&nbsp;&nbsp;&nbsp;&nbsp;&nbsp;&nbsp;&nbsp; 2006 MONTJEAN-SUR-LOIRE, <strong>X<sup>\u00e8me<\/sup><\/strong> <strong>Symposium<\/strong> de sculptures monumentales<\/p>\n\n\n\n<p>2006 AURAY (Morbihan) Exposition \u00ab&nbsp;Bouillon de sculptures&nbsp;\u00bb avec Sculpteurs Bretagne<\/p>\n\n\n\n<p>2006 PARIS -Exposition personnelle au <strong>Pavillon Davioud<\/strong>, Jardin du Luxembourg<\/p>\n\n\n\n<p>2006 LAVARDIN (Sarthe) Exposition collective \u00ab&nbsp;Jardin des Arts&nbsp;\u00bb<\/p>\n\n\n\n<p>2006 Salon de l\u2019Ecole Fran\u00e7aise, Eglise de la Madeleine<\/p>\n\n\n\n<p>&nbsp;<strong>M\u00e9daille du 8<sup>\u00e8me<\/sup> arrondissement de la Ville de Paris<\/strong><\/p>\n\n\n\n<hr class=\"wp-block-separator has-alpha-channel-opacity\"\/>\n\n\n\n<p>2005 MELLIONNEC (C\u00f4tes d\u2019Armor) \u00ab&nbsp;un bourg \u00e0 sculpter&nbsp;\u00bb Exposition de groupe en plein air<\/p>\n\n\n\n<p>2005 Exposition \u00ab&nbsp;Art &amp; Sant\u00e9&nbsp;\u00bb, <strong>Clinique JULES VERNE<\/strong>, p\u00f4le hospitalier mutualiste de NANTES<\/p>\n\n\n\n<p>2005 URBEST Nantes Atlantique, salon professionnel pour l\u2019espace public et l\u2019urbanisme<\/p>\n\n\n\n<p>2005 Biennale de NANTES, Palais de la Beaujoire<\/p>\n\n\n\n<p><\/p>\n\n\n\n<p><\/p>\n\n\n\n<p>2004 Exposition personnelle, <strong>Librairie-Galerie d\u2019Art Cassandre<\/strong> &#8211; VERSAILLES<\/p>\n\n\n\n<p>2004 Salon de l\u2019Ecole Fran\u00e7aise &#8211; Chapelle St L\u00e9onard et ch\u00e2teau de CROISSY-SUR-SEINE<\/p>\n\n\n\n<p>2004 Sculptures et jardin \u2013 Pr\u00e9sentation collective d\u2019\u0153uvres monumentales au Jardin de Tuc\u00e9 72 LAVARDIN<\/p>\n\n\n\n<p>2004 NANTES International Timber Trade show, avec les sculpteurs BOZO, JC LAMBERT et DUFRESNE<\/p>\n\n\n\n<p>2004 PARIS &#8211; 91<sup>\u00e8me<\/sup> Salon de l\u2019Ecole Fran\u00e7aise, Salle Royale de l\u2019\u00e9glise de la Madeleine<\/p>\n\n\n\n<p><\/p>\n\n\n\n<p><\/p>\n\n\n\n<p>2003 XIV <sup>\u00e8me<\/sup> <strong>Biennale Internationale de Ravenne<\/strong> sur le th\u00e8me \u00ab Dante et l\u2019Europe \u00bb<\/p>\n\n\n\n<p>&nbsp;&nbsp;&nbsp;&nbsp;&nbsp;&nbsp;&nbsp;&nbsp; <strong>M\u00e9daille et dipl\u00f4me \u00ab&nbsp;di Benemerenza&nbsp;\u00bb d\u00e9cern\u00e9s par la Soci\u00e9t\u00e9 Dante Alighieri de ROME<\/strong>.<\/p>\n\n\n\n<p>2003 Invit\u00e9 d\u2019Honneur au Salon national Arts Plastiques du Mans&nbsp;<\/p>\n\n\n\n<p>2003 CHATOU &#8211; Ile des Peintres&nbsp;: Exposition de sculptures monumentales (GMAC)<\/p>\n\n\n\n<p>2003 PARIS &#8211; La Bastille &#8211; <strong>Grand March\u00e9 d\u2019Art Contemporain<\/strong><\/p>\n\n\n\n<p>2003 NANTES &#8211; Biennale Nantes-Bretagne, Salon international de la Beaujoire<\/p>\n\n\n\n<p>2003 JOSSELIN (Morbihan) Exposition priv\u00e9e, duo avec les r\u00e9centes cr\u00e9ations du peintre LOUIS ROGER<\/p>\n\n\n\n<p>2003 URBEST Nantes Atlantique, 1<sup>er<\/sup>salon professionnel dans l\u2019Ouest pour l\u2019espace public et l\u2019urbanisme,<\/p>\n\n\n\n<p>&nbsp;&nbsp;&nbsp;&nbsp;&nbsp;&nbsp;&nbsp; &nbsp;\u00e0 l\u2019initiative de la F\u00e9d\u00e9ration de Recherche CNRS 2488<\/p>\n\n\n\n<hr class=\"wp-block-separator has-alpha-channel-opacity\"\/>\n\n\n\n<p>2002 \u00ab Mati\u00e8re de sources \u00bb Exposition rue des Arts, si\u00e8ge de la <strong>Soci\u00e9t\u00e9 Mutavie \u00e0 Niort<\/strong><br>2002 Exposition conjointe avec le peintre JIEM &#8211; Polyclinique de la Haute For\u00eat &#8211; Nantes<br>2002 Exposition personnelle, <strong>Hall de l\u2019H\u00f4tel de Ville du Mans<\/strong><br>2002 Exposition dans le vignoble nantais avec \u00ab\u00a0Vernissage en ligne\u00a0\u00bb \u00e0 la demande des Laboratoires TAKEDA<br>2002 XXI <sup>\u00e8me<\/sup> Salon d\u2019art contemporain de St-S\u00e9bastien-sur -Loire<br><br>2001 Exposition collective avec Lois\u2019Art, dans le cadre de l\u2018ouverture de l\u2019Entretemps\/ADAPEI \u00e0 Nantes<br>2001 Exposition Galerie Roger Portugal, avec les peintres JIEM et RENVEZ &#8211; Nantes<br><br><\/p>\n\n\n\n<p>2000 Exposition de groupe avec \u00abSculpteurs Bretagne\u00bb &#8211; Maison de l\u2019Erdre &#8211; Ile de Versailles, Nantes<\/p>\n\n\n\n<p>1999 Portes ouvertes \u00e0 son atelier de Nantes, en compagnie de ses amis peintres<br><br>1998 Exposition personnelle au Ch\u00e2teau de la Citardi\u00e8re &#8211; for\u00eat de Mervent (Vend\u00e9e)<br>1998 Journ\u00e9es du patrimoine : pr\u00e9sentation des techniques et savoir-faire de la fonderie d\u2019Art<br><br><\/p>\n\n\n\n<p>1997 \u00ab Mati\u00e8re de sources \u00bb,&nbsp; Orly Ouest &#8211; Galerie d\u2019Art des <strong>AEROPORTS DE PARIS<\/strong> <\/p>\n\n\n\n<p>1997 \u00abRivages\u2026\u00bb, exposition personnelle &#8211; Office de tourisme de l\u2019Ile d\u2019Yeu (Vend\u00e9e)<br><\/p>\n\n\n\n<p>1996 \u00abFocales\u00bb, exposition avec le peintre et fresquiste LOUIS ROGER Ch\u00e2teau de Blain (Loire-Atlantique)<br><br><\/p>\n\n\n\n<p>1994 R\u00e9alisation d\u2019un bronze \u00e0 l\u2019effigie de <strong>Saint Samson, <\/strong>\u00ab&nbsp;marcheur de Dieu&nbsp;\u00bb (restitution historique), &nbsp;&nbsp;&nbsp;&nbsp;&nbsp;&nbsp;&nbsp;&nbsp; r\u00e9am\u00e9nagement de la <strong>Fontaine THOREAU \u00e0 Dol de Bretagne<\/strong> (Ile et Vilaine) &#8211; Commande publique<br><\/p>\n\n\n\n<p><\/p>\n\n\n\n<p><\/p>\n\n\n\n<p><\/p>\n\n\n\n<figure class=\"wp-block-table\"><table><tbody><tr><td>ALAIN &#8211; MARIE PARMENTIERSculpteur 11Bis avenue Emile Boissier 44000 Nantes<br>T\u00e9l. 06 76 87 49 02<br>E-Mail alain-marie.sculpteur@orange.fr<br>Site web <a href=\"http:\/\/www.alain-marie.fr\">www.alain-marie.fr<\/a> &nbsp;<strong>SIRET&nbsp;&nbsp;&nbsp; 444 424 063 00022&nbsp;&nbsp;&nbsp; APE 90 03A<\/strong>Syndicat National des Sculpteurs et Plasticiens SNSPMembre de la soci\u00e9t\u00e9 d\u2019auteurs ADAGPSoci\u00e9taire de la Fondation TaylorAdh\u00e9rent des Ateliers d\u2019Art de France&nbsp; &nbsp;<\/td><\/tr><\/tbody><\/table><\/figure>\n\n\n\n<p><\/p>\n\n\n\n<p><\/p>\n\n\n\n<h1 class=\"wp-block-heading\">ALAIN &#8211; MARIE PARMENTIER<\/h1>\n\n\n\n<h1 class=\"wp-block-heading\">Sculpteur<\/h1>\n\n\n\n<p>11Bis avenue Emile Boissier 44000 Nantes<br>T\u00e9l. 06 76 87 49 02<br>E-Mail alain-marie.sculpteur@orange.fr<br>Site web <a href=\"http:\/\/www.alain-marie.fr\">www.alain-marie.fr<\/a><\/p>\n\n\n\n<p><strong>SIRET&nbsp;&nbsp;&nbsp; 444 424 063 00022&nbsp;&nbsp;&nbsp; APE 90 03A<\/strong><\/p>\n\n\n\n<p>Syndicat National des Sculpteurs et Plasticiens SNSP<\/p>\n\n\n\n<p>Membre de la soci\u00e9t\u00e9 d\u2019auteurs ADAGP<\/p>\n\n\n\n<p>Soci\u00e9taire de la Fondation Taylor<\/p>\n\n\n\n<p>Adh\u00e9rent des Ateliers d\u2019Art de France<\/p>\n\n\n\n<p><\/p>\n\n\n\n<p><\/p>\n","protected":false},"excerpt":{"rendered":"<p>2023 Saint Aignan de Grand Lieu, Exposition \u2013 du 28 octobre au 19 novembre inclus 2023 PARIS, Exposition FORETS avec le CNFAP &#8211; Mairie du 8\u00e8me \u2013 du 14 au 25 mars inclus 2022 BORDEAUX-LAC, Exposition FOCALES avec Louis-Roger &#8211; H\u00f4tel PULLMAN- oct\/dec 2022 PARIS, Orangerie du S\u00e9nat \u2013 Salon &hellip;<\/p>\n","protected":false},"author":5,"featured_media":0,"parent":0,"menu_order":0,"comment_status":"closed","ping_status":"closed","template":"","meta":{"footnotes":""},"class_list":["post-21820","page","type-page","status-publish","hentry"],"yoast_head":"<!-- This site is optimized with the Yoast SEO plugin v27.2 - https:\/\/yoast.com\/product\/yoast-seo-wordpress\/ -->\n<title>CV Artistique - Sculpteur<\/title>\n<meta name=\"robots\" content=\"index, follow, max-snippet:-1, max-image-preview:large, max-video-preview:-1\" \/>\n<link rel=\"canonical\" href=\"https:\/\/alain-marie.fr\/?page_id=21820\" \/>\n<meta property=\"og:locale\" content=\"fr_FR\" \/>\n<meta property=\"og:type\" content=\"article\" \/>\n<meta property=\"og:title\" content=\"CV Artistique - Sculpteur\" \/>\n<meta property=\"og:description\" content=\"2023 Saint Aignan de Grand Lieu, Exposition \u2013 du 28 octobre au 19 novembre inclus 2023 PARIS, Exposition FORETS avec le CNFAP &#8211; Mairie du 8\u00e8me \u2013 du 14 au 25 mars inclus 2022 BORDEAUX-LAC, Exposition FOCALES avec Louis-Roger &#8211; H\u00f4tel PULLMAN- oct\/dec 2022 PARIS, Orangerie du S\u00e9nat \u2013 Salon &hellip;\" \/>\n<meta property=\"og:url\" content=\"https:\/\/alain-marie.fr\/?page_id=21820\" \/>\n<meta property=\"og:site_name\" content=\"Sculpteur\" \/>\n<meta property=\"article:modified_time\" content=\"2023-10-25T09:19:28+00:00\" \/>\n<meta name=\"twitter:card\" content=\"summary_large_image\" \/>\n<meta name=\"twitter:label1\" content=\"Dur\u00e9e de lecture estim\u00e9e\" \/>\n\t<meta name=\"twitter:data1\" content=\"13 minutes\" \/>\n<script type=\"application\/ld+json\" class=\"yoast-schema-graph\">{\"@context\":\"https:\/\/schema.org\",\"@graph\":[{\"@type\":\"WebPage\",\"@id\":\"https:\/\/alain-marie.fr\/?page_id=21820\",\"url\":\"https:\/\/alain-marie.fr\/?page_id=21820\",\"name\":\"CV Artistique - Sculpteur\",\"isPartOf\":{\"@id\":\"https:\/\/alain-marie.fr\/#website\"},\"datePublished\":\"2023-03-11T14:28:55+00:00\",\"dateModified\":\"2023-10-25T09:19:28+00:00\",\"breadcrumb\":{\"@id\":\"https:\/\/alain-marie.fr\/?page_id=21820#breadcrumb\"},\"inLanguage\":\"fr-FR\",\"potentialAction\":[{\"@type\":\"ReadAction\",\"target\":[\"https:\/\/alain-marie.fr\/?page_id=21820\"]}]},{\"@type\":\"BreadcrumbList\",\"@id\":\"https:\/\/alain-marie.fr\/?page_id=21820#breadcrumb\",\"itemListElement\":[{\"@type\":\"ListItem\",\"position\":1,\"name\":\"Accueil\",\"item\":\"https:\/\/alain-marie.fr\/\"},{\"@type\":\"ListItem\",\"position\":2,\"name\":\"CV Artistique\"}]},{\"@type\":\"WebSite\",\"@id\":\"https:\/\/alain-marie.fr\/#website\",\"url\":\"https:\/\/alain-marie.fr\/\",\"name\":\"Sculpteur\",\"description\":\"Alain Marie Parmentier\",\"publisher\":{\"@id\":\"https:\/\/alain-marie.fr\/#organization\"},\"potentialAction\":[{\"@type\":\"SearchAction\",\"target\":{\"@type\":\"EntryPoint\",\"urlTemplate\":\"https:\/\/alain-marie.fr\/?s={search_term_string}\"},\"query-input\":{\"@type\":\"PropertyValueSpecification\",\"valueRequired\":true,\"valueName\":\"search_term_string\"}}],\"inLanguage\":\"fr-FR\"},{\"@type\":\"Organization\",\"@id\":\"https:\/\/alain-marie.fr\/#organization\",\"name\":\"Sculpteur\",\"url\":\"https:\/\/alain-marie.fr\/\",\"logo\":{\"@type\":\"ImageObject\",\"inLanguage\":\"fr-FR\",\"@id\":\"https:\/\/alain-marie.fr\/#\/schema\/logo\/image\/\",\"url\":\"https:\/\/alain-marie.fr\/wp-content\/uploads\/2023\/01\/image.png\",\"contentUrl\":\"https:\/\/alain-marie.fr\/wp-content\/uploads\/2023\/01\/image.png\",\"width\":1024,\"height\":746,\"caption\":\"Sculpteur\"},\"image\":{\"@id\":\"https:\/\/alain-marie.fr\/#\/schema\/logo\/image\/\"}}]}<\/script>\n<!-- \/ Yoast SEO plugin. -->","yoast_head_json":{"title":"CV Artistique - Sculpteur","robots":{"index":"index","follow":"follow","max-snippet":"max-snippet:-1","max-image-preview":"max-image-preview:large","max-video-preview":"max-video-preview:-1"},"canonical":"https:\/\/alain-marie.fr\/?page_id=21820","og_locale":"fr_FR","og_type":"article","og_title":"CV Artistique - Sculpteur","og_description":"2023 Saint Aignan de Grand Lieu, Exposition \u2013 du 28 octobre au 19 novembre inclus 2023 PARIS, Exposition FORETS avec le CNFAP &#8211; Mairie du 8\u00e8me \u2013 du 14 au 25 mars inclus 2022 BORDEAUX-LAC, Exposition FOCALES avec Louis-Roger &#8211; H\u00f4tel PULLMAN- oct\/dec 2022 PARIS, Orangerie du S\u00e9nat \u2013 Salon &hellip;","og_url":"https:\/\/alain-marie.fr\/?page_id=21820","og_site_name":"Sculpteur","article_modified_time":"2023-10-25T09:19:28+00:00","twitter_card":"summary_large_image","twitter_misc":{"Dur\u00e9e de lecture estim\u00e9e":"13 minutes"},"schema":{"@context":"https:\/\/schema.org","@graph":[{"@type":"WebPage","@id":"https:\/\/alain-marie.fr\/?page_id=21820","url":"https:\/\/alain-marie.fr\/?page_id=21820","name":"CV Artistique - Sculpteur","isPartOf":{"@id":"https:\/\/alain-marie.fr\/#website"},"datePublished":"2023-03-11T14:28:55+00:00","dateModified":"2023-10-25T09:19:28+00:00","breadcrumb":{"@id":"https:\/\/alain-marie.fr\/?page_id=21820#breadcrumb"},"inLanguage":"fr-FR","potentialAction":[{"@type":"ReadAction","target":["https:\/\/alain-marie.fr\/?page_id=21820"]}]},{"@type":"BreadcrumbList","@id":"https:\/\/alain-marie.fr\/?page_id=21820#breadcrumb","itemListElement":[{"@type":"ListItem","position":1,"name":"Accueil","item":"https:\/\/alain-marie.fr\/"},{"@type":"ListItem","position":2,"name":"CV Artistique"}]},{"@type":"WebSite","@id":"https:\/\/alain-marie.fr\/#website","url":"https:\/\/alain-marie.fr\/","name":"Sculpteur","description":"Alain Marie Parmentier","publisher":{"@id":"https:\/\/alain-marie.fr\/#organization"},"potentialAction":[{"@type":"SearchAction","target":{"@type":"EntryPoint","urlTemplate":"https:\/\/alain-marie.fr\/?s={search_term_string}"},"query-input":{"@type":"PropertyValueSpecification","valueRequired":true,"valueName":"search_term_string"}}],"inLanguage":"fr-FR"},{"@type":"Organization","@id":"https:\/\/alain-marie.fr\/#organization","name":"Sculpteur","url":"https:\/\/alain-marie.fr\/","logo":{"@type":"ImageObject","inLanguage":"fr-FR","@id":"https:\/\/alain-marie.fr\/#\/schema\/logo\/image\/","url":"https:\/\/alain-marie.fr\/wp-content\/uploads\/2023\/01\/image.png","contentUrl":"https:\/\/alain-marie.fr\/wp-content\/uploads\/2023\/01\/image.png","width":1024,"height":746,"caption":"Sculpteur"},"image":{"@id":"https:\/\/alain-marie.fr\/#\/schema\/logo\/image\/"}}]}},"_links":{"self":[{"href":"https:\/\/alain-marie.fr\/index.php?rest_route=\/wp\/v2\/pages\/21820","targetHints":{"allow":["GET"]}}],"collection":[{"href":"https:\/\/alain-marie.fr\/index.php?rest_route=\/wp\/v2\/pages"}],"about":[{"href":"https:\/\/alain-marie.fr\/index.php?rest_route=\/wp\/v2\/types\/page"}],"author":[{"embeddable":true,"href":"https:\/\/alain-marie.fr\/index.php?rest_route=\/wp\/v2\/users\/5"}],"replies":[{"embeddable":true,"href":"https:\/\/alain-marie.fr\/index.php?rest_route=%2Fwp%2Fv2%2Fcomments&post=21820"}],"version-history":[{"count":10,"href":"https:\/\/alain-marie.fr\/index.php?rest_route=\/wp\/v2\/pages\/21820\/revisions"}],"predecessor-version":[{"id":22343,"href":"https:\/\/alain-marie.fr\/index.php?rest_route=\/wp\/v2\/pages\/21820\/revisions\/22343"}],"wp:attachment":[{"href":"https:\/\/alain-marie.fr\/index.php?rest_route=%2Fwp%2Fv2%2Fmedia&parent=21820"}],"curies":[{"name":"wp","href":"https:\/\/api.w.org\/{rel}","templated":true}]}}